{"version":"1.0","provider_name":"Grupo MARDARAS","provider_url":"https:\/\/www.jlmardaras.es\/en","author_name":"JLMardaras","author_url":"https:\/\/www.jlmardaras.es\/en\/author\/jlmardaras\/","title":"Transporte profesional de mercanc\u00edas - Grupo MARDARAS","type":"rich","width":600,"height":338,"html":"<blockquote class=\"wp-embedded-content\" data-secret=\"3UemDWd7lq\"><a href=\"https:\/\/www.jlmardaras.es\/en\/transporte-profesional-de-mercancias\/\">Transporte profesional de mercanc\u00edas<\/a><\/blockquote><iframe sandbox=\"allow-scripts\" security=\"restricted\" src=\"https:\/\/www.jlmardaras.es\/en\/transporte-profesional-de-mercancias\/embed\/#?secret=3UemDWd7lq\" width=\"600\" height=\"338\" title=\"&#8220;Transporte profesional de mercanc\u00edas&#8221; &#8212; Grupo MARDARAS\" data-secret=\"3UemDWd7lq\" frameborder=\"0\" marginwidth=\"0\" marginheight=\"0\" scrolling=\"no\" class=\"wp-embedded-content\"><\/iframe><script>\n\/*! This file is auto-generated *\/\n!function(d,l){\"use strict\";l.querySelector&&d.addEventListener&&\"undefined\"!=typeof URL&&(d.wp=d.wp||{},d.wp.receiveEmbedMessage||(d.wp.receiveEmbedMessage=function(e){var t=e.data;if((t||t.secret||t.message||t.value)&&!\/[^a-zA-Z0-9]\/.test(t.secret)){for(var s,r,n,a=l.querySelectorAll('iframe[data-secret=\"'+t.secret+'\"]'),o=l.querySelectorAll('blockquote[data-secret=\"'+t.secret+'\"]'),c=new RegExp(\"^https?:$\",\"i\"),i=0;i<o.length;i++)o[i].style.display=\"none\";for(i=0;i<a.length;i++)s=a[i],e.source===s.contentWindow&&(s.removeAttribute(\"style\"),\"height\"===t.message?(1e3<(r=parseInt(t.value,10))?r=1e3:~~r<200&&(r=200),s.height=r):\"link\"===t.message&&(r=new URL(s.getAttribute(\"src\")),n=new URL(t.value),c.test(n.protocol))&&n.host===r.host&&l.activeElement===s&&(d.top.location.href=t.value))}},d.addEventListener(\"message\",d.wp.receiveEmbedMessage,!1),l.addEventListener(\"DOMContentLoaded\",function(){for(var e,t,s=l.querySelectorAll(\"iframe.wp-embedded-content\"),r=0;r<s.length;r++)(t=(e=s[r]).getAttribute(\"data-secret\"))||(t=Math.random().toString(36).substring(2,12),e.src+=\"#?secret=\"+t,e.setAttribute(\"data-secret\",t)),e.contentWindow.postMessage({message:\"ready\",secret:t},\"*\")},!1)))}(window,document);\n\/\/# sourceURL=https:\/\/www.jlmardaras.es\/wp-includes\/js\/wp-embed.min.js\n<\/script>","thumbnail_url":"https:\/\/www.jlmardaras.es\/wp-content\/uploads\/2019\/08\/transporte-de-mercancias-en-cantabria-scaled.jpg","thumbnail_width":2560,"thumbnail_height":1707,"description":"Con la inminente extensi\u00f3n que ha tenido la Covid19 en todo el mundo, no es de extra\u00f1ar que todos los sectores econ\u00f3micos hayan experimentado cambios o descensos en lo que va de a\u00f1o. Desde que se decret\u00f3 la alerta mundial en el mes de marzo la din\u00e1mica social se va ha visto modificada. El transporte profesional de mercanc\u00edas no escapa a esta realidad. El desaf\u00edo para el Transporte Profesional de Mercanc\u00edas Quienes se desempe\u00f1an en esta labor, han tenido que plantear nuevas metodolog\u00edas. Estas, con la misi\u00f3n de llevar al cliente su mercanc\u00eda en los tiempos de entrega preestablecidos y manteniendo un sentido de conciencia ante los cuidados y medidas. La prevenci\u00f3n del virus es una obligaci\u00f3n. Sin embargo, no ha sido sencillo lidiar con temas como la seguridad de los veh\u00edculos y de los transportistas, ubicaciones protegidas, la administraci\u00f3n, y las posturas del gobierno para contrarrestar los estragos de [&hellip;]"}